{"id":4866,"date":"2024-06-17T14:05:12","date_gmt":"2024-06-17T14:05:12","guid":{"rendered":"https:\/\/ortika.cz\/?page_id=4866"},"modified":"2024-07-23T08:15:11","modified_gmt":"2024-07-23T08:15:11","slug":"ochrana-oznamovatelu","status":"publish","type":"page","link":"https:\/\/ortika.cz\/en\/ochrana-oznamovatelu\/","title":{"rendered":"Ochrana oznamovatel\u016f"},"content":{"rendered":"<div data-elementor-type=\"wp-page\" data-elementor-id=\"4866\" class=\"elementor elementor-4866\" data-elementor-post-type=\"page\">\n\t\t\t\t        <div class=\"elementor-section elementor-top-section elementor-element elementor-element-c79f693 elementor-section-boxed elementor-section-height-default elementor-section-height-default cms-remove-row-no cms-section-no-padding-no cms-boxed-bg-false cms-section-boxed-divider-false cms-overlay-gradient-bg-yes cms-overlay-gradient-mode-tb\" data-id=\"c79f693\" data-element_type=\"section\">\r\n\t\t<div class=\"cms-overlay-gradient\"><\/div><div class=\"cms-section-boxed-bg\"><\/div><div class=\"cms-section-boxed-divider\"><\/div><div class=\"cms-elementor-section-remove\"><\/div><div class=\"cms-elementor-section-corner cms-elementor-section-corner-top\"><\/div><div class=\"cms-elementor-section-corner cms-elementor-section-corner-bottom\"><\/div>        <div class=\"elementor-container elementor-column-gap-default\" >\r\n\t\t        <div class=\"elementor-column elementor-col-100 elementor-top-column elementor-element elementor-element-69b27d7\" data-id=\"69b27d7\" data-element_type=\"column\">\r\n            <div class=\"elementor-widget-wrap elementor-element-populated\">\r\n                \t\t<div class=\"elementor-element elementor-element-ee2bfc4 elementor-widget elementor-widget-spacer\" data-id=\"ee2bfc4\" data-element_type=\"widget\" data-widget_type=\"spacer.default\">\n\t\t\t\t<div class=\"elementor-widget-container\">\n\t\t\t<style>\/*! elementor - v3.22.0 - 17-06-2024 *\/\n.elementor-column .elementor-spacer-inner{height:var(--spacer-size)}.e-con{--container-widget-width:100%}.e-con-inner>.elementor-widget-spacer,.e-con>.elementor-widget-spacer{width:var(--container-widget-width,var(--spacer-size));--align-self:var(--container-widget-align-self,initial);--flex-shrink:0}.e-con-inner>.elementor-widget-spacer>.elementor-widget-container,.e-con>.elementor-widget-spacer>.elementor-widget-container{height:100%;width:100%}.e-con-inner>.elementor-widget-spacer>.elementor-widget-container>.elementor-spacer,.e-con>.elementor-widget-spacer>.elementor-widget-container>.elementor-spacer{height:100%}.e-con-inner>.elementor-widget-spacer>.elementor-widget-container>.elementor-spacer>.elementor-spacer-inner,.e-con>.elementor-widget-spacer>.elementor-widget-container>.elementor-spacer>.elementor-spacer-inner{height:var(--container-widget-height,var(--spacer-size))}.e-con-inner>.elementor-widget-spacer.elementor-widget-empty,.e-con>.elementor-widget-spacer.elementor-widget-empty{position:relative;min-height:22px;min-width:22px}.e-con-inner>.elementor-widget-spacer.elementor-widget-empty .elementor-widget-empty-icon,.e-con>.elementor-widget-spacer.elementor-widget-empty .elementor-widget-empty-icon{position:absolute;top:0;bottom:0;left:0;right:0;margin:auto;padding:0;width:22px;height:22px}<\/style>\t\t<div class=\"elementor-spacer\">\n\t\t\t<div class=\"elementor-spacer-inner\"><\/div>\n\t\t<\/div>\n\t\t\t\t<\/div>\n\t\t\t\t<\/div>\n\t\t\t\t<div class=\"elementor-element elementor-element-5a2961e elementor-widget elementor-widget-text-editor\" data-id=\"5a2961e\" data-element_type=\"widget\" data-widget_type=\"text-editor.default\">\n\t\t\t\t<div class=\"elementor-widget-container\">\n\t\t\t<style>\/*! elementor - v3.22.0 - 17-06-2024 *\/\n.elementor-widget-text-editor.elementor-drop-cap-view-stacked .elementor-drop-cap{background-color:#69727d;color:#fff}.elementor-widget-text-editor.elementor-drop-cap-view-framed .elementor-drop-cap{color:#69727d;border:3px solid;background-color:transparent}.elementor-widget-text-editor:not(.elementor-drop-cap-view-default) .elementor-drop-cap{margin-top:8px}.elementor-widget-text-editor:not(.elementor-drop-cap-view-default) .elementor-drop-cap-letter{width:1em;height:1em}.elementor-widget-text-editor .elementor-drop-cap{float:left;text-align:center;line-height:1;font-size:50px}.elementor-widget-text-editor .elementor-drop-cap-letter{display:inline-block}<\/style>\t\t\t\t<h1><span class=\"font-family-calibri font-size-14pt font-weight-bold\">Vnit\u0159n\u00ed oznamovac\u00ed syst\u00e9m<\/span><\/h1><div><span class=\"font-family-calibri font-size-11pt\">Na\u0161e spole\u010dnost\u00a0<\/span><strong><span class=\"font-family-calibri font-size-11pt font-weight-bold\">Ortika a.s.se s\u00eddlem Vrchlick\u00e9ho 848, 768 24 Hul\u00edn, zapsan\u00e1 v OR veden\u00e9m u KS v Brn\u011b, odd\u00edl B, vlo\u017eka 2295, I\u010c: 25337408,<\/span><\/strong><span class=\"font-family-calibri font-size-11pt\">\u00a0si na z\u00e1klad\u011b z\u00e1kona \u010d. 171\/2023 Sb., o ochran\u011b oznamovatel\u016f (d\u00e1le tak\u00e9 jen\u00a0<\/span><span class=\"font-family-calibri font-size-11pt\">\u201e<\/span><strong><span class=\"font-family-calibri font-size-11pt font-weight-bold\">Whistleblowing z\u00e1kon<\/span><\/strong><span class=\"font-family-calibri font-size-11pt\">\u201c<\/span><span class=\"font-family-calibri font-size-11pt\">) dovoluje t\u00edmto informovat \u0161irokou ve\u0159ejnost, \u017ee jako povinn\u00e1 osoba dle citovan\u00e9ho z\u00e1kona a v souladu s ust. \u00a7 8 Whistleblowing z\u00e1kona,\u00a0<\/span><strong><span class=\"font-family-calibri font-size-11pt font-weight-bold\">zavedla vnit\u0159n\u00ed oznamovac\u00ed syst\u00e9m<\/span><\/strong><span class=\"font-family-calibri font-size-11pt\">\u00a0pro p\u0159ij\u00edm\u00e1n\u00ed ozn\u00e1men\u00ed o mo\u017en\u00e9m protipr\u00e1vn\u00edm jedn\u00e1n\u00ed.<\/span><\/div><div class=\"font-family-calibri font-size-11pt\"><span class=\"font-family-calibri font-size-11pt\">\u00a0<\/span><\/div><div><span class=\"font-family-calibri font-size-11pt\">V tomto dokumentu se m\u016f\u017eete v souladu s ust. \u00a7 9 Whistleblowing z\u00e1kona sezn\u00e1mit s informacemi o\u00a0<\/span><strong><span class=\"font-family-calibri font-size-11pt font-weight-bold\">zp\u016fsobech oznamov\u00e1n\u00ed<\/span><\/strong><span class=\"font-family-calibri font-size-11pt\">\u00a0prost\u0159ednictv\u00edm vnit\u0159n\u00edho oznamovac\u00edho syst\u00e9mu na\u0161\u00ed spole\u010dnosti a oznamovac\u00edho syst\u00e9mu Ministerstva spravedlnosti \u010cesk\u00e9 republiky, jako\u017e i zjistit informace a\u00a0<\/span><strong><span class=\"font-family-calibri font-size-11pt font-weight-bold\">kontaktn\u00ed \u00fadaje o p\u0159\u00edslu\u0161n\u00e9 osob\u011b<\/span><\/strong><span class=\"font-family-calibri font-size-11pt\">\u00a0pov\u011b\u0159en\u00e9 k p\u0159ij\u00edm\u00e1n\u00ed a pro\u0161et\u0159en\u00ed ozn\u00e1men\u00ed o protipr\u00e1vn\u00edm jedn\u00e1n\u00ed a dal\u0161\u00ed u\u017eite\u010dn\u00e9 informace.<\/span><\/div><div class=\"font-family-calibri font-size-11pt\"><span class=\"font-family-calibri font-size-11pt font-weight-bold\">\u00a0<\/span><\/div><div><strong><span class=\"font-family-calibri font-size-11pt font-weight-bold\">Ozn\u00e1men\u00ed o protipr\u00e1vn\u00edm jedn\u00e1n\u00ed<\/span><\/strong><\/div><div><span class=\"font-family-calibri font-size-11pt\">Ozn\u00e1men\u00ed o\u00a0<\/span><strong><span class=\"font-family-calibri font-size-11pt font-weight-bold\">protipr\u00e1vn\u00edm jedn\u00e1n\u00ed<\/span><\/strong><span class=\"font-family-calibri font-size-11pt\"><strong>\u00a0<\/strong>m\u016f\u017ee podat ka\u017ed\u00e1 fyzick\u00e1 osoba (<\/span><strong><span class=\"font-family-calibri font-size-11pt font-weight-bold\">oznamovatel<\/span><\/strong><span class=\"font-family-calibri font-size-11pt\">), kter\u00e1 disponuje informacemi o mo\u017en\u00e9m protipr\u00e1vn\u00edm jedn\u00e1n\u00ed, k n\u011bmu\u017e do\u0161lo nebo m\u00e1 doj\u00edt u osoby, pro ni\u017e oznamovatel, by\u0165 zprost\u0159edkovan\u011b, vykon\u00e1val nebo vykon\u00e1v\u00e1 pr\u00e1ci nebo jinou obdobnou \u010dinnost, nebo u osoby, se kterou oznamovatel byl nebo je v kontaktu v souvislosti s v\u00fdkonem pr\u00e1ce nebo jin\u00e9 obdobn\u00e9 \u010dinnosti a kter\u00e9:<\/span><\/div><div class=\"font-family-calibri font-size-11pt\"><span class=\"font-family-calibri font-size-11pt\">\u00a0<\/span><\/div><ol type=\"a\"><li class=\"font-family-calibri font-size-11pt\">m\u00e1 znaky trestn\u00e9ho \u010dinu,<\/li><li class=\"font-family-calibri font-size-11pt\">m\u00e1 znaky p\u0159estupku, za kter\u00fd z\u00e1kon stanov\u00ed sazbu pokuty, jej\u00ed\u017e horn\u00ed hranice je alespo\u0148 100 000 K\u010d,<\/li><li class=\"font-family-calibri font-size-11pt\">poru\u0161uje Whistleblowing z\u00e1kon, nebo<\/li><li class=\"font-family-calibri font-size-11pt\">poru\u0161uje jin\u00fd pr\u00e1vn\u00ed p\u0159edpis nebo p\u0159edpis Evropsk\u00e9 unie v n\u00e1sleduj\u00edc\u00edch oblastech:<\/li><\/ol><div class=\"font-family-calibri font-size-11pt\">finan\u010dn\u00edch slu\u017eeb, povinn\u00e9ho auditu a jin\u00fdch ov\u011b\u0159ovac\u00edch slu\u017eeb, finan\u010dn\u00edch produkt\u016f a finan\u010dn\u00edch trh\u016f,<\/div><div class=\"font-family-calibri font-size-11pt\">dan\u011b z p\u0159\u00edjm\u016f pr\u00e1vnick\u00fdch osob,<\/div><div class=\"font-family-calibri font-size-11pt\">p\u0159edch\u00e1zen\u00ed legalizaci v\u00fdnos\u016f z trestn\u00e9 \u010dinnosti a financov\u00e1n\u00ed terorismu,<\/div><div class=\"font-family-calibri font-size-11pt\">ochrany spot\u0159ebitele,<\/div><div class=\"font-family-calibri font-size-11pt\">souladu s po\u017eadavky na v\u00fdrobky v\u010detn\u011b jejich bezpe\u010dnosti,<\/div><div class=\"font-family-calibri font-size-11pt\">bezpe\u010dnosti dopravy, p\u0159epravy a provozu na pozemn\u00edch komunikac\u00edch,<\/div><div class=\"font-family-calibri font-size-11pt\">ochrany \u017eivotn\u00edho prost\u0159ed\u00ed,<\/div><div class=\"font-family-calibri font-size-11pt\">bezpe\u010dnosti potravin a krmiv a ochrany zv\u00ed\u0159at a jejich zdrav\u00ed,<\/div><div class=\"font-family-calibri font-size-11pt\">radia\u010dn\u00ed ochrany a jadern\u00e9 bezpe\u010dnosti,<\/div><div class=\"font-family-calibri font-size-11pt\">hospod\u00e1\u0159sk\u00e9 sout\u011b\u017ee, ve\u0159ejn\u00fdch dra\u017eeb a zad\u00e1v\u00e1n\u00ed ve\u0159ejn\u00fdch zak\u00e1zek,<\/div><div class=\"font-family-calibri font-size-11pt\">ochrany vnit\u0159n\u00edho po\u0159\u00e1dku a bezpe\u010dnosti, \u017eivota a zdrav\u00ed,<\/div><div class=\"font-family-calibri font-size-11pt\">ochrany osobn\u00edch \u00fadaj\u016f, soukrom\u00ed a bezpe\u010dnosti s\u00edt\u00ed elektronick\u00fdch komunikac\u00ed a informa\u010dn\u00edch syst\u00e9m\u016f,<\/div><div class=\"font-family-calibri font-size-11pt\">ochrany finan\u010dn\u00edch z\u00e1jm\u016f Evropsk\u00e9 unie, nebo<\/div><div class=\"font-family-calibri font-size-11pt\">fungov\u00e1n\u00ed vnit\u0159n\u00edho trhu v\u010detn\u011b ochrany hospod\u00e1\u0159sk\u00e9 sout\u011b\u017ee a st\u00e1tn\u00ed podpory podle pr\u00e1va Evropsk\u00e9 unie.<\/div><div class=\"font-family-calibri font-size-11pt\"><span class=\"font-family-calibri font-size-11pt font-weight-bold\">\u00a0<\/span><\/div><div><strong><span class=\"font-family-calibri font-size-11pt font-weight-bold\">Co by m\u011blo ozn\u00e1men\u00ed obsahovat?<\/span><\/strong><\/div><div><span class=\"font-family-calibri font-size-11pt\">Ozn\u00e1men\u00ed mus\u00ed obsahovat \u00fadaje o\u00a0<\/span><strong><span class=\"font-family-calibri font-size-11pt font-weight-bold\">jm\u00e9nu, p\u0159\u00edjmen\u00ed a datu narozen\u00ed<\/span><\/strong><span class=\"font-family-calibri font-size-11pt\">, nebo jin\u00e9 \u00fadaje, z nich\u017e je mo\u017en\u00e9 dovodit toto\u017enost oznamovatele, leda\u017ee je toto\u017enost oznamovatele p\u0159\u00edslu\u0161n\u00e9 osob\u011b zn\u00e1m\u00e1. Na\u0161e spole\u010dnost proto t\u00edmto up\u0159es\u0148uje, \u017ee se\u00a0<\/span><strong><span class=\"font-family-calibri font-size-11pt font-weight-bold\">nebude zab\u00fdvat anonymn\u00edmi<\/span><\/strong><span class=\"font-family-calibri font-size-11pt\"><strong>\u00a0<\/strong>ozn\u00e1men\u00edmi, kter\u00e1 neobsahuj\u00ed \u00fadaje o toto\u017enosti oznamovatele.<\/span><\/div><div class=\"font-family-calibri font-size-11pt\"><span class=\"font-family-calibri font-size-11pt\">\u00a0<\/span><\/div><div><span class=\"font-family-calibri font-size-11pt\">D\u00e1le by m\u011blo ozn\u00e1men\u00ed obsahovat\u00a0<\/span><strong><span class=\"font-family-calibri font-size-11pt font-weight-bold\">ve\u0161ker\u00e9 relevantn\u00ed informace o mo\u017en\u00e9m protipr\u00e1vn\u00edm jedn\u00e1n\u00ed<\/span><\/strong><span class=\"font-family-calibri font-size-11pt\">\u00a0tak, aby p\u0159\u00edslu\u0161n\u00e1 osoba mohla posoudit d\u016fvodnost takov\u00e9ho ozn\u00e1men\u00ed.<\/span><\/div><div class=\"font-family-calibri font-size-11pt\"><span class=\"font-family-calibri font-size-11pt font-weight-bold\">\u00a0<\/span><\/div><div><span class=\"font-family-calibri font-size-11pt\">Dovolujeme si V\u00e1s upozornit, \u017ee<strong>\u00a0<\/strong><\/span><strong><span class=\"font-family-calibri font-size-11pt font-weight-bold\">v\u011bdom\u011b nepravdiv\u00e9 ozn\u00e1men\u00ed<\/span><\/strong><span class=\"font-family-calibri font-size-11pt\">\u00a0m\u016f\u017ee b\u00fdt dle Whistleblowing z\u00e1kona kvalifikov\u00e1no jako p\u0159estupek, za kter\u00fd lze ulo\u017eit pokutu a\u017e do v\u00fd\u0161e\u00a0<\/span><strong><span class=\"font-family-calibri font-size-11pt font-weight-bold\">50 000 K\u010d<\/span><\/strong><span class=\"font-family-calibri font-size-11pt\">. Sou\u010dasn\u011b takov\u00e9mu oznamovateli, kter\u00fd pod\u00e1 v\u011bdom\u011b nepravdiv\u00e9 ozn\u00e1men\u00ed,\u00a0<\/span><strong><span class=\"font-family-calibri font-size-11pt font-weight-bold\">nen\u00e1le\u017e\u00ed<\/span><\/strong><span class=\"font-family-calibri font-size-11pt\"><strong>\u00a0<\/strong>dle Whistleblowing z\u00e1kona\u00a0<\/span><strong><span class=\"font-family-calibri font-size-11pt font-weight-bold\">ochrana <\/span><span class=\"font-family-calibri font-size-11pt font-weight-bold\">p\u0159ed odvetn\u00fdmi opat\u0159en\u00edmi<\/span><\/strong><span class=\"font-family-calibri font-size-11pt\">.<\/span><\/div><div><span class=\"font-family-calibri font-size-11pt\">Na\u0161e spole\u010dnost t\u00edmto rovn\u011b\u017e\u00a0<\/span><strong><span class=\"font-family-calibri font-size-11pt font-weight-bold\">vylu\u010duje p\u0159ij\u00edm\u00e1n\u00ed ozn\u00e1men\u00ed<\/span><\/strong><span class=\"font-family-calibri font-size-11pt\"><strong>\u00a0<\/strong>od osob, kter\u00e9 pro spole\u010dnost nevykon\u00e1vaj\u00edc\u00ed pr\u00e1ci nebo jinou obdobnou \u010dinnost jako z\u00e1vislou \u010dinnost vykon\u00e1vanou v z\u00e1kladn\u00edm pracovn\u011bpr\u00e1vn\u00edm vztahu nebo jako slu\u017ebu, dobrovolnickou \u010dinnost nebo odbornou praxi \u010di st\u00e1\u017e.<\/span><\/div><div class=\"font-family-calibri font-size-11pt\"><span class=\"font-family-calibri font-size-11pt font-weight-bold\">\u00a0<\/span><\/div><div><strong><span class=\"font-family-calibri font-size-11pt font-weight-bold\">Kde mohu ozn\u00e1men\u00ed podat?<\/span><\/strong><\/div><div><span class=\"font-family-calibri font-size-11pt\">Ozn\u00e1men\u00ed m\u016f\u017ee oznamovatel podat prost\u0159ednictv\u00edm na\u0161eho vnit\u0159n\u00edho oznamovac\u00edho syst\u00e9mu, a to n\u00e1sleduj\u00edc\u00edm zp\u016fsobem:<\/span><\/div><div class=\"font-family-calibri font-size-11pt\"><span class=\"font-family-calibri font-size-11pt\">\u00a0<\/span><\/div><div class=\"font-family-calibri font-size-11pt\">prost\u0159ednictv\u00edm zabezpe\u010den\u00e9ho emailu\u00a0<a href=\"mailto:ochrana.oznamovatelu@ortika.cz\"><strong><span class=\"font-weight-bold\">ochrana.oznamovatelu@ortika.cz<\/span><\/strong><\/a><\/div><div class=\"font-family-calibri font-size-11pt\"><strong><span class=\"font-weight-bold\">po\u0161tou<\/span><\/strong>\u00a0na adresu s\u00eddla na\u0161\u00ed spole\u010dnosti s jasn\u00fdm ozna\u010den\u00edm:\u00a0<span class=\"font-weight-bold\">\u201e<strong>k ruk\u00e1m Nikoly Lieblov\u00e9- NEOTEV\u00cdRAT, OZN\u00c1MEN\u00cd, \u010di VNIT\u0158N\u00cd OZNAMOVAC\u00cd SYST\u00c9M<\/strong>\u201c<\/span><\/div><div class=\"font-family-calibri font-size-11pt\">prost\u0159ednictv\u00edm\u00a0<strong><span class=\"font-weight-bold\">telefonn\u00ed linky<\/span><\/strong>\u00a0(v dob\u011b standardn\u00ed pracovn\u00ed doby)\u00a0<strong><span class=\"font-weight-bold\">+420 778 441 885<\/span><\/strong><\/div><div class=\"font-family-calibri font-size-11pt\"><strong><span class=\"font-weight-bold\">osobn\u011b<\/span><\/strong>\u00a0po p\u0159edchoz\u00ed p\u00edsemn\u00e9 nebo telefonick\u00e9 domluv\u011b s p\u0159\u00edslu\u0161nou osobou<\/div><div class=\"font-family-calibri font-size-11pt\"><span class=\"font-family-calibri font-size-11pt\">\u00a0<\/span><\/div><div><span class=\"font-family-calibri font-size-11pt\">Pro ozn\u00e1men\u00ed o mo\u017en\u00e9m protipr\u00e1vn\u00edm jedn\u00e1n\u00ed m\u016f\u017ee oznamovatel rovn\u011b\u017e vyu\u017e\u00edt extern\u00ed oznamovac\u00ed syst\u00e9m Ministerstva spravedlnosti dostupn\u00fd na webov\u00fdch str\u00e1nk\u00e1ch\u00a0<\/span><strong><a title=\"HYPERLINK\" href=\"https:\/\/oznamovatel.justice.cz\/chci-podat-oznameni\/\"><span class=\"font-family-calibri font-size-11pt color-#0563C1\">https:\/\/oznamovatel.justice.cz\/chci-podat-oznameni\/<\/span><\/a><span class=\"font-family-calibri font-size-11pt\">.<\/span><\/strong><\/div><div class=\"font-family-calibri font-size-11pt\"><span class=\"font-family-calibri font-size-11pt font-weight-bold\">\u00a0<\/span><\/div><div><strong><span class=\"font-family-calibri font-size-11pt font-weight-bold\">Kdo to je p\u0159\u00edslu\u0161n\u00e1 osoba?<\/span><\/strong><\/div><div><span class=\"font-family-calibri font-size-11pt\">P\u0159\u00edslu\u0161nou osobou je osoba pov\u011b\u0159en\u00e1 na\u0161\u00ed spole\u010dnost\u00ed k p\u0159ij\u00edm\u00e1n\u00ed ozn\u00e1men\u00ed, posuzov\u00e1n\u00ed d\u016fvodnosti ozn\u00e1men\u00ed podan\u00e9ho prost\u0159ednictv\u00edm vnit\u0159n\u00edho oznamovac\u00edho syst\u00e9mu a k navrhov\u00e1n\u00ed opat\u0159en\u00ed k n\u00e1prav\u011b nebo p\u0159edejit\u00ed protipr\u00e1vn\u00edmu stavu. Tato osoba postupuje p\u0159i v\u00fdkonu sv\u00e9 \u010dinnost nestrann\u011b a zachov\u00e1v\u00e1 ml\u010denlivost o skute\u010dnostech, o kter\u00fdch se dozv\u011bd\u011bla p\u0159i v\u00fdkonu sv\u00e9 \u010dinnosti, a to i po jej\u00edm ukon\u010den\u00ed.<\/span><\/div><div class=\"font-family-calibri font-size-11pt\"><span class=\"font-family-calibri font-size-11pt\">\u00a0<\/span><\/div><div><span class=\"font-family-calibri font-size-11pt\">V na\u0161\u00ed spole\u010dnosti je takovou osobou pov\u011b\u0159enou p\u0159ij\u00edm\u00e1n\u00edm a vy\u0159izov\u00e1n\u00ed ozn\u00e1men\u00ed\u00a0<\/span><strong><span class=\"font-family-calibri font-size-11pt font-weight-bold\">pan\u00ed Nikola Lieblov\u00e1<\/span><\/strong><span class=\"font-family-calibri font-size-11pt\">. Pro jej\u00ed kontaktov\u00e1n\u00ed, pros\u00edm, vyu\u017eijte n\u00e1\u0161 vnit\u0159n\u00ed oznamovac\u00ed syst\u00e9m zp\u016fsobem v\u00fd\u0161e uveden\u00fdm.<\/span><\/div><div class=\"font-family-calibri font-size-11pt\"><span class=\"font-family-calibri font-size-11pt\">\u00a0<\/span><\/div><div><strong><span class=\"font-family-calibri font-size-11pt font-weight-bold\">Z\u00e1v\u011brem<\/span><\/strong><\/div><div><span class=\"font-family-calibri font-size-11pt\">Tento dokument bude pr\u016fb\u011b\u017en\u011b aktualizov\u00e1n a dopl\u0148ov\u00e1n.<\/span><\/div>\t\t\t\t\t\t<\/div>\n\t\t\t\t<\/div>\n\t\t\t\t<div class=\"elementor-element elementor-element-736255f elementor-widget elementor-widget-spacer\" data-id=\"736255f\" data-element_type=\"widget\" data-widget_type=\"spacer.default\">\n\t\t\t\t<div class=\"elementor-widget-container\">\n\t\t\t\t\t<div class=\"elementor-spacer\">\n\t\t\t<div class=\"elementor-spacer-inner\"><\/div>\n\t\t<\/div>\n\t\t\t\t<\/div>\n\t\t\t\t<\/div>\n\t\t            <\/div>\r\n        <\/div>\r\n        \t\t\t<\/div>\r\n\t\t<\/div>\r\n\t\t\t\t<\/div>","protected":false},"excerpt":{"rendered":"<p>Vnit\u0159n\u00ed oznamovac\u00ed syst\u00e9m Na\u0161e spole\u010dnost\u00a0Ortika a.s.se s\u00eddlem Vrchlick\u00e9ho 848, 768 24 Hul\u00edn, zapsan\u00e1 v OR veden\u00e9m u KS v Brn\u011b, odd\u00edl B, vlo\u017eka 2295, I\u010c: 25337408,\u00a0si na z\u00e1klad\u011b z\u00e1kona \u010d. 171\/2023 Sb., o ochran\u011b oznamovatel\u016f (d\u00e1le tak\u00e9 jen\u00a0\u201eWhistleblowing z\u00e1kon\u201c) dovoluje t\u00edmto informovat \u0161irokou ve\u0159ejnost, \u017ee jako povinn\u00e1 osoba dle citovan\u00e9ho z\u00e1kona a v souladu s ust. \u00a7 8 Whistleblowing z\u00e1kona,\u00a0zavedla vnit\u0159n\u00ed oznamovac\u00ed syst\u00e9m\u00a0pro p\u0159ij\u00edm\u00e1n\u00ed ozn\u00e1men\u00ed o mo\u017en\u00e9m protipr\u00e1vn\u00edm jedn\u00e1n\u00ed.\u00a0V tomto dokumentu se m\u016f\u017eete v souladu s ust. \u00a7 9 Whistleblowing z\u00e1kona sezn\u00e1mit s informacemi o\u00a0zp\u016fsobech oznamov\u00e1n\u00ed\u00a0prost\u0159ednictv\u00edm vnit\u0159n\u00edho oznamovac\u00edho syst\u00e9mu na\u0161\u00ed spole\u010dnosti a oznamovac\u00edho syst\u00e9mu Ministerstva spravedlnosti \u010cesk\u00e9 republiky, jako\u017e i zjistit informace a\u00a0kontaktn\u00ed \u00fadaje o p\u0159\u00edslu\u0161n\u00e9 osob\u011b\u00a0pov\u011b\u0159en\u00e9 k p\u0159ij\u00edm\u00e1n\u00ed a pro\u0161et\u0159en\u00ed ozn\u00e1men\u00ed o protipr\u00e1vn\u00edm jedn\u00e1n\u00ed a dal\u0161\u00ed u\u017eite\u010dn\u00e9 informace.\u00a0Ozn\u00e1men\u00ed o protipr\u00e1vn\u00edm jedn\u00e1n\u00edOzn\u00e1men\u00ed o\u00a0protipr\u00e1vn\u00edm jedn\u00e1n\u00ed\u00a0m\u016f\u017ee podat ka\u017ed\u00e1 fyzick\u00e1 osoba (oznamovatel), kter\u00e1 disponuje informacemi o mo\u017en\u00e9m protipr\u00e1vn\u00edm jedn\u00e1n\u00ed, k n\u011bmu\u017e do\u0161lo nebo m\u00e1 doj\u00edt u osoby, pro ni\u017e oznamovatel, by\u0165 zprost\u0159edkovan\u011b, vykon\u00e1val nebo vykon\u00e1v\u00e1 pr\u00e1ci nebo jinou obdobnou \u010dinnost, nebo u osoby, se kterou oznamovatel byl nebo je v kontaktu v souvislosti s v\u00fdkonem pr\u00e1ce nebo jin\u00e9 obdobn\u00e9 \u010dinnosti a kter\u00e9: m\u00e1 znaky trestn\u00e9ho \u010dinu, m\u00e1 znaky p\u0159estupku, za kter\u00fd z\u00e1kon stanov\u00ed sazbu pokuty, jej\u00ed\u017e horn\u00ed hranice je alespo\u0148 100 000 K\u010d, poru\u0161uje Whistleblowing z\u00e1kon, nebo poru\u0161uje jin\u00fd pr\u00e1vn\u00ed p\u0159edpis nebo p\u0159edpis Evropsk\u00e9 unie v n\u00e1sleduj\u00edc\u00edch oblastech: finan\u010dn\u00edch slu\u017eeb, povinn\u00e9ho auditu a jin\u00fdch ov\u011b\u0159ovac\u00edch slu\u017eeb, finan\u010dn\u00edch produkt\u016f a finan\u010dn\u00edch trh\u016f,dan\u011b z p\u0159\u00edjm\u016f pr\u00e1vnick\u00fdch osob,p\u0159edch\u00e1zen\u00ed legalizaci v\u00fdnos\u016f z trestn\u00e9 \u010dinnosti a financov\u00e1n\u00ed terorismu,ochrany spot\u0159ebitele,souladu s po\u017eadavky na v\u00fdrobky v\u010detn\u011b jejich bezpe\u010dnosti,bezpe\u010dnosti dopravy, p\u0159epravy a provozu na pozemn\u00edch komunikac\u00edch,ochrany \u017eivotn\u00edho prost\u0159ed\u00ed,bezpe\u010dnosti potravin a krmiv a ochrany zv\u00ed\u0159at a jejich zdrav\u00ed,radia\u010dn\u00ed ochrany a jadern\u00e9 bezpe\u010dnosti,hospod\u00e1\u0159sk\u00e9 sout\u011b\u017ee, ve\u0159ejn\u00fdch dra\u017eeb a zad\u00e1v\u00e1n\u00ed ve\u0159ejn\u00fdch zak\u00e1zek,ochrany vnit\u0159n\u00edho po\u0159\u00e1dku a bezpe\u010dnosti, \u017eivota a zdrav\u00ed,ochrany osobn\u00edch \u00fadaj\u016f, soukrom\u00ed a bezpe\u010dnosti s\u00edt\u00ed elektronick\u00fdch komunikac\u00ed a informa\u010dn\u00edch syst\u00e9m\u016f,ochrany finan\u010dn\u00edch z\u00e1jm\u016f Evropsk\u00e9 unie, nebofungov\u00e1n\u00ed vnit\u0159n\u00edho trhu v\u010detn\u011b ochrany hospod\u00e1\u0159sk\u00e9 sout\u011b\u017ee a st\u00e1tn\u00ed podpory podle pr\u00e1va Evropsk\u00e9 unie.\u00a0Co by m\u011blo ozn\u00e1men\u00ed obsahovat?Ozn\u00e1men\u00ed mus\u00ed obsahovat \u00fadaje o\u00a0jm\u00e9nu, p\u0159\u00edjmen\u00ed a datu narozen\u00ed, nebo jin\u00e9 \u00fadaje, z nich\u017e je mo\u017en\u00e9 dovodit toto\u017enost oznamovatele, leda\u017ee je toto\u017enost oznamovatele p\u0159\u00edslu\u0161n\u00e9 osob\u011b zn\u00e1m\u00e1. Na\u0161e spole\u010dnost proto t\u00edmto up\u0159es\u0148uje, \u017ee se\u00a0nebude zab\u00fdvat anonymn\u00edmi\u00a0ozn\u00e1men\u00edmi, kter\u00e1 neobsahuj\u00ed \u00fadaje o toto\u017enosti oznamovatele.\u00a0D\u00e1le by m\u011blo ozn\u00e1men\u00ed obsahovat\u00a0ve\u0161ker\u00e9 relevantn\u00ed informace o mo\u017en\u00e9m protipr\u00e1vn\u00edm jedn\u00e1n\u00ed\u00a0tak, aby p\u0159\u00edslu\u0161n\u00e1 osoba mohla posoudit d\u016fvodnost takov\u00e9ho ozn\u00e1men\u00ed.\u00a0Dovolujeme si V\u00e1s upozornit, \u017ee\u00a0v\u011bdom\u011b nepravdiv\u00e9 ozn\u00e1men\u00ed\u00a0m\u016f\u017ee b\u00fdt dle Whistleblowing z\u00e1kona kvalifikov\u00e1no jako p\u0159estupek, za kter\u00fd lze ulo\u017eit pokutu a\u017e do v\u00fd\u0161e\u00a050 000 K\u010d. Sou\u010dasn\u011b takov\u00e9mu oznamovateli, kter\u00fd pod\u00e1 v\u011bdom\u011b nepravdiv\u00e9 ozn\u00e1men\u00ed,\u00a0nen\u00e1le\u017e\u00ed\u00a0dle Whistleblowing z\u00e1kona\u00a0ochrana p\u0159ed odvetn\u00fdmi opat\u0159en\u00edmi.Na\u0161e spole\u010dnost t\u00edmto rovn\u011b\u017e\u00a0vylu\u010duje p\u0159ij\u00edm\u00e1n\u00ed ozn\u00e1men\u00ed\u00a0od osob, kter\u00e9 pro spole\u010dnost nevykon\u00e1vaj\u00edc\u00ed pr\u00e1ci nebo jinou obdobnou \u010dinnost jako z\u00e1vislou \u010dinnost vykon\u00e1vanou v z\u00e1kladn\u00edm pracovn\u011bpr\u00e1vn\u00edm vztahu nebo jako slu\u017ebu, dobrovolnickou \u010dinnost nebo odbornou praxi \u010di st\u00e1\u017e.\u00a0Kde mohu ozn\u00e1men\u00ed podat?Ozn\u00e1men\u00ed m\u016f\u017ee oznamovatel podat prost\u0159ednictv\u00edm na\u0161eho vnit\u0159n\u00edho oznamovac\u00edho syst\u00e9mu, a to n\u00e1sleduj\u00edc\u00edm zp\u016fsobem:\u00a0prost\u0159ednictv\u00edm zabezpe\u010den\u00e9ho emailu\u00a0ochrana.oznamovatelu@ortika.czpo\u0161tou\u00a0na adresu s\u00eddla na\u0161\u00ed spole\u010dnosti s jasn\u00fdm ozna\u010den\u00edm:\u00a0\u201ek ruk\u00e1m Nikoly Lieblov\u00e9- NEOTEV\u00cdRAT, OZN\u00c1MEN\u00cd, \u010di VNIT\u0158N\u00cd OZNAMOVAC\u00cd SYST\u00c9M\u201cprost\u0159ednictv\u00edm\u00a0telefonn\u00ed linky\u00a0(v dob\u011b standardn\u00ed pracovn\u00ed doby)\u00a0+420 778 441 885osobn\u011b\u00a0po p\u0159edchoz\u00ed p\u00edsemn\u00e9 nebo telefonick\u00e9 domluv\u011b s p\u0159\u00edslu\u0161nou osobou\u00a0Pro ozn\u00e1men\u00ed o mo\u017en\u00e9m protipr\u00e1vn\u00edm jedn\u00e1n\u00ed m\u016f\u017ee oznamovatel rovn\u011b\u017e vyu\u017e\u00edt extern\u00ed oznamovac\u00ed syst\u00e9m Ministerstva spravedlnosti dostupn\u00fd na webov\u00fdch str\u00e1nk\u00e1ch\u00a0https:\/\/oznamovatel.justice.cz\/chci-podat-oznameni\/.\u00a0Kdo to je p\u0159\u00edslu\u0161n\u00e1 osoba?P\u0159\u00edslu\u0161nou osobou je osoba pov\u011b\u0159en\u00e1 na\u0161\u00ed spole\u010dnost\u00ed k p\u0159ij\u00edm\u00e1n\u00ed ozn\u00e1men\u00ed, posuzov\u00e1n\u00ed d\u016fvodnosti ozn\u00e1men\u00ed podan\u00e9ho prost\u0159ednictv\u00edm vnit\u0159n\u00edho oznamovac\u00edho syst\u00e9mu a k navrhov\u00e1n\u00ed opat\u0159en\u00ed k n\u00e1prav\u011b nebo p\u0159edejit\u00ed protipr\u00e1vn\u00edmu stavu. Tato osoba postupuje p\u0159i v\u00fdkonu sv\u00e9 \u010dinnost nestrann\u011b a zachov\u00e1v\u00e1 ml\u010denlivost o skute\u010dnostech, o kter\u00fdch se dozv\u011bd\u011bla p\u0159i v\u00fdkonu sv\u00e9 \u010dinnosti, a to i po jej\u00edm ukon\u010den\u00ed.\u00a0V na\u0161\u00ed spole\u010dnosti je takovou osobou pov\u011b\u0159enou p\u0159ij\u00edm\u00e1n\u00edm a vy\u0159izov\u00e1n\u00ed ozn\u00e1men\u00ed\u00a0pan\u00ed Nikola Lieblov\u00e1. Pro jej\u00ed kontaktov\u00e1n\u00ed, pros\u00edm, vyu\u017eijte n\u00e1\u0161 vnit\u0159n\u00ed oznamovac\u00ed syst\u00e9m zp\u016fsobem v\u00fd\u0161e uveden\u00fdm.\u00a0Z\u00e1v\u011bremTento dokument bude pr\u016fb\u011b\u017en\u011b aktualizov\u00e1n a dopl\u0148ov\u00e1n.<\/p>","protected":false},"author":1,"featured_media":4538,"parent":0,"menu_order":0,"comment_status":"closed","ping_status":"closed","template":"","meta":{"footnotes":"","_links_to":"","_links_to_target":""},"class_list":["post-4866","page","type-page","status-publish","has-post-thumbnail","hentry","cms-has-post-thumbnail"],"_links":{"self":[{"href":"https:\/\/ortika.cz\/en\/wp-json\/wp\/v2\/pages\/4866","targetHints":{"allow":["GET"]}}],"collection":[{"href":"https:\/\/ortika.cz\/en\/wp-json\/wp\/v2\/pages"}],"about":[{"href":"https:\/\/ortika.cz\/en\/wp-json\/wp\/v2\/types\/page"}],"author":[{"embeddable":true,"href":"https:\/\/ortika.cz\/en\/wp-json\/wp\/v2\/users\/1"}],"replies":[{"embeddable":true,"href":"https:\/\/ortika.cz\/en\/wp-json\/wp\/v2\/comments?post=4866"}],"version-history":[{"count":1,"href":"https:\/\/ortika.cz\/en\/wp-json\/wp\/v2\/pages\/4866\/revisions"}],"predecessor-version":[{"id":5006,"href":"https:\/\/ortika.cz\/en\/wp-json\/wp\/v2\/pages\/4866\/revisions\/5006"}],"wp:featuredmedia":[{"embeddable":true,"href":"https:\/\/ortika.cz\/en\/wp-json\/wp\/v2\/media\/4538"}],"wp:attachment":[{"href":"https:\/\/ortika.cz\/en\/wp-json\/wp\/v2\/media?parent=4866"}],"curies":[{"name":"wp","href":"https:\/\/api.w.org\/{rel}","templated":true}]}}